{"id":999,"date":"2021-11-07T16:57:29","date_gmt":"2021-11-07T15:57:29","guid":{"rendered":"https:\/\/www.notariat-schoeffmann.at\/?post_type=mitarbeiter&#038;p=999"},"modified":"2025-04-28T15:12:56","modified_gmt":"2025-04-28T13:12:56","slug":"mag-klaus-schoeffmann-mbl","status":"publish","type":"team","link":"https:\/\/www.notariat-schoeffmann.at\/de\/team\/mag-klaus-schoeffmann-mbl\/","title":{"rendered":"Mag. Klaus Sch\u00f6ffmann MBL LL.M."},"content":{"rendered":"<div class=\"wpb-content-wrapper\"><p>[vc_row gap=&#8220;35&#8243;][vc_column width=&#8220;2\/3&#8243;][vc_column_text]<\/p>\n<h2 id=\"lebenslauf\">Lebenslauf<\/h2>\n<p>&nbsp;<\/p>\n<ul>\n<li>Engagement in der Schul- und Hochschulpolitik<br \/>\n(als Klassen-, Schul- und Landesschulsprecher, Mitglied im Bundessch\u00fclerbeirat,<br \/>\nBildungsreferent der \u00d6sterreichischen Hochsch\u00fclerschaft \u00d6H)<\/li>\n<li>1987 bis 1992 Jus-Studium an der Universit\u00e4t Wien, Mag. jur.<\/li>\n<li>Gerichtspraxis in Wien und Klagenfurt<\/li>\n<li>1993 Eintritt ins Notariat Dr. Dieter\u00a0<strong>Anderluh<\/strong>\u00a0in Klagenfurt<\/li>\n<li>Mitarbeit in der notariellen Standesvertretung\u00a0<strong>Notariatskammer f\u00fcr K\u00e4rnten<\/strong><\/li>\n<li>leitende Mitarbeit im Projekt Notar-Informationssystem\u00a0<strong>NIS<\/strong><br \/>\n(Kostenrechnung im Notariat)<\/li>\n<li>Juli 2001 bis M\u00e4rz 2002 selbst\u00e4ndige F\u00fchrung der Amtsstelle nach Dr.\u00a0<strong>Dieter Anderluh<\/strong>\u00a0als <strong>Notariatssubstitut<\/strong><\/li>\n<li>danach <strong>Notarsubstitut<\/strong> zuletzt bis 2010 Substitut der \u00f6ffentlichen Notare<br \/>\nDr. Robert\u00a0<strong>Mikulan<\/strong>, St. Paul Lavanttal, und Dr. Thomas\u00a0<strong>Krampl<\/strong>, Klagenfurt<\/li>\n<li>abgeschlossene Ausbildung zum\u00a0<strong>Mediator <\/strong>(Zivilrechts-Mediationsgesetz)<\/li>\n<li>Post Graduate Studium Wirtschaftsrecht an der WU Wien <strong>(MBL<\/strong> Master of Business Law)<br \/>\nMasterthese: <strong><em>Finanzierungsgenussrechte<\/em><\/strong><\/li>\n<li>Vortragender und Pr\u00fcfer beim WIFI Klagenfurt u.a. bei der Ausbildung zum Immobilienmakler, -verwalter und Bautr\u00e4ger<\/li>\n<li><strong>Milizoffizier\u00a0<\/strong>beim Milit\u00e4rkommando K\u00e4rnten<\/li>\n<li>eingetragener <strong>Schlichter<\/strong><\/li>\n<li>Post Graduate Studium an der Uni Wien (<a href=\"https:\/\/www.postgraduatecenter.at\/weiterbildungsprogramme\/recht\/familienunternehmen-und-vermoegensplanung\/alumni\/\" target=\"_blank\" rel=\"noreferrer noopener\">LLM Lehrgang Familienunternehmen und Verm\u00f6gensplanung<\/a>) Abschluss 2022<br \/>\nMasterthese: <strong><em>Die Vorsorgevollmacht des Unternehmers<\/em><\/strong><\/li>\n<\/ul>\n<p>[\/vc_column_text][vc_column_text]<\/p>\n<h2 id=\"ehrenamt-und-soziales-engagement\">Ehrenamt und soziales Engagement<\/h2>\n<p>Mitglied des\u00a0<a href=\"https:\/\/www.kath-kirche-kaernten.at\/dioezese\/organisation\/C2460\" target=\"_blank\" rel=\"noreferrer noopener\">Di\u00f6zesanrates der Di\u00f6zese Gurk<\/a>\u00a0(kontrolliert die Finanzen und ber\u00e4t den Bischof).<\/p>\n<p>Vorstand im\u00a0<a href=\"https:\/\/www.familie.at\/site\/kaernten\/wirueberuns\/vorstand\/article\/2892.html\" target=\"_blank\" rel=\"noreferrer noopener\">Katholischen\u00a0<strong>Familienverband<\/strong><\/a>\u00a0(Stellvertreter des Vorsitzenden)<br \/>\n<a href=\"https:\/\/www.kath-kirche-kaernten.at\/personen\/28460\" target=\"_blank\" rel=\"noreferrer noopener\">Katholische Kirche, Personen<\/a><\/p>\n<p><a href=\"https:\/\/www.bildung-ktn.gv.at\" target=\"_blank\" rel=\"noreferrer noopener\">Mitglied im st\u00e4ndigen Beirat der Bildungsdirektion K\u00e4rnten<\/a><\/p>\n<p>Vorstandsmitglied im\u00a0<a href=\"https:\/\/www.visitklagenfurt.at\/de\/\" target=\"_blank\" rel=\"noreferrer noopener\">Tourismusverband Klagenfurt<\/a><\/p>\n<p>Mitglied des\u00a0<a href=\"http:\/\/www.kfv-fussball.at\/Portal\/Verband\/Ausschuesse-Referate\" target=\"_blank\" rel=\"noreferrer noopener\">Ethikbeirates des K\u00e4rntner\u00a0<strong>Fussballverbandes<\/strong><\/a><\/p>\n<p id=\"fruhere-ehenamtliche-tatigkeiten\"><strong>Fr\u00fchere ehenamtliche T\u00e4tigkeiten<\/strong><\/p>\n<p>Vorstand im\u00a0<a href=\"http:\/\/www.elternverein-kaernten.at\/de\/uber-uns\/team.html\" target=\"_blank\" rel=\"noreferrer noopener\">Landesverband der\u00a0<strong>Elternvereine<\/strong>\u00a0in K\u00e4rnten<\/a><\/p>\n<p>Engagement als Elternvertreter in mehreren Elternvereinen (VS Annabichl,\u00a0<a href=\"http:\/\/www.nms-ursula.ksn.at\/akt_1112\/ev.html\" target=\"_blank\" rel=\"noreferrer noopener\">VS\/NMS St. Ursula<\/a>,\u00a0<a href=\"https:\/\/www.diewimo.at\/menschen\/ev\/\" target=\"_blank\" rel=\"noreferrer noopener\">WIMO Elternverein)<\/a>[\/vc_column_text][vc_column_text]<\/p>\n<h2 id=\"privates\">Privates<\/h2>\n<p>gl\u00fccklich verheiratet und Vater von zwei tollen Kindern.<\/p>\n<p>[\/vc_column_text][vc_column_text]<\/p>\n<h2 id=\"publikationen-und-vortragstatigkeit\">Publikationen und Vortragst\u00e4tigkeit<\/h2>\n<p>[\/vc_column_text][vc_separator][vc_column_text]<\/p>\n<div class=\"wp-container-62248ea3d78b8 wp-block-group\">\n<div class=\"wp-block-group__inner-container\">\n<h3>Publikationen<\/h3>\n<ul>\n<li>Mitautor des\u00a0<strong>Musterhandbuch \u00f6ffentliches Recht, Manz Verlag<\/strong><\/li>\n<li><i>K\u00e4rnten<\/i> Beitrag in: Fischer\/G\u00fcnther\/Jordan\/Kraft\/Lienbacher\/Lukas\/M\u00fcller\/Ronacher\/Sch\u00f6ffmann\/Walzel v. Wiesentreu: <a class=\"_ps2id\" href=\"http:\/\/www.juridica.at\/htm\/verlags_pro\/content_verlags_program_praxis_kom.htm\" data-ps2id-offset=\"\">Die Grundverkehrsgesetze der \u00f6sterreichischen Bundesl\u00e4nder<\/a> <a class=\"external autonumber\" href=\"http:\/\/www.juridica.at\/htm\/verlags_pro\/content_verlags_program_praxis_kom.htm\">[1]<\/a><\/li>\n<li>Brosch\u00fcre \u201eErben und Vererben\u201c<\/li>\n<li>Brosch\u00fcre \u201eSelbstbestimmt alt werden\u201c<\/li>\n<li><i>Die Notariatsurkunde auf dem Weg zur elektronischen Urkunde in Europa<\/i>, gemeinsam mit Christian Sonnweber, September 2004<\/li>\n<li><i>Kommentar zum K\u00e4rntner Grundverkehrsgesetz \u00b494<\/i>, erschienen beim Manz Verlag als Sonderausgabe 87, Verwaltungsrecht kommentiert<\/li>\n<li><i>Das K\u00e4rntner Grundverkehrsgesetz 1994 aus der Sicht des Praktikers<\/i>, erschienen in: <i>K\u00e4rntner Raumordnungs- und Grundverkehrsrecht<\/i>, Hrsg. Robert Rebhan, Manz Verlag 1996 von <span class=\"author notFaded\" data-width=\"209\"> <a class=\"a-link-normal\" href=\"https:\/\/www.amazon.de\/s\/ref=dp_byline_sr_book_1?ie=UTF8&amp;field-author=Robert+Rebhahn&amp;text=Robert+Rebhahn&amp;sort=relevancerank&amp;search-alias=books-de\">Robert Rebhahn<\/a> <span class=\"contribution\"> <span class=\"a-color-secondary\">(Herausgeber), <\/span> <\/span> <\/span> <span class=\"author notFaded\" data-width=\"211\"> <a class=\"a-link-normal\" href=\"https:\/\/www.amazon.de\/s\/ref=dp_byline_sr_book_2?ie=UTF8&amp;field-author=Sabine+Bernegger&amp;text=Sabine+Bernegger&amp;sort=relevancerank&amp;search-alias=books-de\">Sabine Bernegger<\/a> <span class=\"contribution\"> <span class=\"a-color-secondary\">(Mitwirkende), <\/span> <\/span> <\/span> <span class=\"author notFaded\" data-width=\"175\"> <a class=\"a-link-normal\" href=\"https:\/\/www.amazon.de\/s\/ref=dp_byline_sr_book_3?ie=UTF8&amp;field-author=Bruno+Binder&amp;text=Bruno+Binder&amp;sort=relevancerank&amp;search-alias=books-de\">Bruno Binder<\/a> <span class=\"contribution\"> <span class=\"a-color-secondary\">(Mitwirkende), <\/span> <\/span> <\/span> <span class=\"author notFaded\" data-width=\"207\"> <a class=\"a-link-normal\" href=\"https:\/\/www.amazon.de\/s\/ref=dp_byline_sr_book_4?ie=UTF8&amp;field-author=Georg+Lienbacher&amp;text=Georg+Lienbacher&amp;sort=relevancerank&amp;search-alias=books-de\">Georg Lienbacher<\/a> <span class=\"contribution\"> <span class=\"a-color-secondary\">(Mitwirkende), <\/span> <\/span> <\/span> <span class=\"author notFaded\" data-width=\"187\"> <a class=\"a-link-normal\" href=\"https:\/\/www.amazon.de\/s\/ref=dp_byline_sr_book_5?ie=UTF8&amp;field-author=Michael+Potacs&amp;text=Michael+Potacs&amp;sort=relevancerank&amp;search-alias=books-de\">Michael Potacs<\/a> <span class=\"contribution\"> <span class=\"a-color-secondary\">(Mitwirkende), <\/span> <\/span> <\/span> <span class=\"author notFaded\" data-width=\"206\"> <a class=\"a-link-normal\" href=\"https:\/\/www.amazon.de\/s\/ref=dp_byline_sr_book_6?ie=UTF8&amp;field-author=Klaus+Sch%C3%B6ffmann&amp;text=Klaus+Sch%C3%B6ffmann&amp;sort=relevancerank&amp;search-alias=books-de\">Klaus Sch\u00f6ffmann<\/a> <span class=\"contribution\"> <span class=\"a-color-secondary\">(Mitwirkende), <\/span> <\/span> <\/span> <span class=\"author notFaded\" data-width=\"165\"> <a class=\"a-link-normal\" href=\"https:\/\/www.amazon.de\/s\/ref=dp_byline_sr_book_7?ie=UTF8&amp;field-author=Franz+Sturm&amp;text=Franz+Sturm&amp;sort=relevancerank&amp;search-alias=books-de\">Franz Sturm<\/a> <span class=\"contribution\"> <span class=\"a-color-secondary\">(Mitwirkende)<\/span> <\/span> <\/span><\/li>\n<li>Verfassung des deutschen Leitreferates f\u00fcr die XXII. Tagung des \u00d6sterreichisch Italienischen Komitees der Notare in Velden am W\u00f6rthersee, bisher unver\u00f6ffentlicht<\/li>\n<li>Seminarunterlage zum Referat \u201eBetriebs\u00fcbernahme aus rechtlicher und steuerlicher Sicht\u201c im Rahmen der Gr\u00fcndertage der Jungen Wirtschaft K\u00e4rnten, gemeinsam mit Steuerberater Walter Zenkl (bisher unver\u00f6ffentlicht)<\/li>\n<\/ul>\n<\/div>\n<\/div>\n<h3 id=\"vortrage\">Vortr\u00e4ge<\/h3>\n<ul>\n<li>seit \u00fcber 20 Jahren Vortragender und Pr\u00fcfer bei der Ausbildung der Immobilienmakler, Verwalter und Bautr\u00e4ger am\u00a0<strong>WiFi K\u00e4rnten<\/strong><\/li>\n<li>Vortragender in der Ausbildung der\u00a0<strong>Baumeister\u00a0<\/strong>am WiFi K\u00e4rnten<\/li>\n<li>Vortragender an der\u00a0<strong>Universit\u00e4t Klagenfurt<\/strong>\u00a0im\u00a0<a href=\"http:\/\/build.or.at\/\" target=\"_blank\" rel=\"noreferrer noopener\">BUILD!<\/a>\u00a0Projekt<\/li>\n<li>Vortragender in Rahmen der\u00a0<a href=\"https:\/\/www.notariat-schoeffmann.at\/team\/mag-klaus-schoeffmann-mbl\/#\">Master-Lehrg\u00e4nge<\/a>\u00a0\u201eReal Estate\u201c am WIFI Salzbug, WIFI Linz, WIFI Innsbruck in Kooperation mit der Universit\u00e4t Klagenfurt<\/li>\n<li>Vortr\u00e4ge f\u00fcr\u00a0<a href=\"http:\/\/www.elternverein-kaernten.at\/_Resources\/Persistent\/b67be44dd16c51fd62539de9b020ea57b860df94\/Eltern-Schulung.pdf\" target=\"_blank\" rel=\"noreferrer noopener\">Elternvereinsfunktion\u00e4re<\/a><\/li>\n<li>Vortr\u00e4ge f\u00fcr Pflegekoordinator*innen und Dorfservice Mitarbeiter*innen zum <strong>Erwachsenenschutzrecht<\/strong> im Auftrag des Landes K\u00e4rnten<\/li>\n<li>laufende Vortr\u00e4ge, insbesondere zu den Themen\n<ul>\n<li>Erben &amp; Vererben<\/li>\n<li>Das misslungene Testament<\/li>\n<li>Selbstbestimmt alt werden (Vorsorgevollmacht)<\/li>\n<li>Verm\u00f6gensnachfolge richtig geregelt<\/li>\n<li>Unternehmensgr\u00fcndung<\/li>\n<li>Grundbuch<\/li>\n<\/ul>\n<ul>\n<li>Unternehmens\u00fcbergabe im Tourismus<\/li>\n<li>Raumordnung und Grundverkehr (K\u00e4rnten)<\/li>\n<\/ul>\n<\/li>\n<\/ul>\n<p>[\/vc_column_text][\/vc_column][vc_column width=&#8220;1\/3&#8243;][vc_single_image image=&#8220;3713&#8243; img_size=&#8220;large&#8220; alignment=&#8220;center&#8220; style=&#8220;vc_box_rounded&#8220; css_animation=&#8220;fadeIn&#8220; css=&#8220;&#8220;][\/vc_column][\/vc_row][vc_row][vc_column][vc_column_text]<\/p>\n<h3>Videos:<\/h3>\n<p>[\/vc_column_text][\/vc_column][\/vc_row][vc_row][vc_column width=&#8220;1\/2&#8243;][vc_video link=&#8220;https:\/\/www.youtube.com\/watch?v=4zf6-ly2v-c&#8220;][\/vc_column][vc_column width=&#8220;1\/2&#8243;][vc_video link=&#8220;https:\/\/www.youtube.com\/watch?v=Bp09o6IaIHk&#8220;][\/vc_column][\/vc_row][vc_row][vc_column width=&#8220;1\/2&#8243;][vc_video link=&#8220;https:\/\/www.youtube.com\/watch?v=mdiB330ZVZo&#8220;][\/vc_column][vc_column width=&#8220;1\/2&#8243;][vc_video link=&#8220;https:\/\/www.youtube.com\/watch?v=5tznpjdrLoU&#8220;][\/vc_column][\/vc_row]<\/p>\n<\/div>","protected":false},"featured_media":0,"template":"","mitarbeiter":[17],"class_list":["post-999","team","type-team","status-publish","hentry","mitarbeiter-juristen","description-off"],"yoast_head":"<!-- This site is optimized with the Yoast SEO Premium plugin v26.7 (Yoast SEO v27.4) - https:\/\/yoast.com\/product\/yoast-seo-premium-wordpress\/ -->\n<title>Notar Mag. Klaus Sch\u00f6ffmann &#8211; Team &#8211; Notariat Sch\u00f6ffmann<\/title>\n<meta name=\"description\" content=\"Mag. Klaus Sch\u00f6ffmann ist seit April 2010 \u00f6ffentlicher Notar in Klagenfurt am W\u00f6rthersee.\" \/>\n<meta name=\"robots\" content=\"index, follow, max-snippet:-1, max-image-preview:large, max-video-preview:-1\" \/>\n<link rel=\"canonical\" href=\"https:\/\/www.notariat-schoeffmann.at\/de\/team\/mag-klaus-schoeffmann-mbl\/\" \/>\n<meta property=\"og:locale\" content=\"de_DE\" \/>\n<meta property=\"og:type\" content=\"article\" \/>\n<meta property=\"og:title\" content=\"Mag. Klaus Sch\u00f6ffmann MBL LL.M.\" \/>\n<meta property=\"og:description\" content=\"Mag. Klaus Sch\u00f6ffmann ist seit April 2010 \u00f6ffentlicher Notar in Klagenfurt am W\u00f6rthersee.\" \/>\n<meta property=\"og:url\" content=\"https:\/\/www.notariat-schoeffmann.at\/de\/team\/mag-klaus-schoeffmann-mbl\/\" \/>\n<meta property=\"og:site_name\" content=\"Notariat Sch\u00f6ffmann\" \/>\n<meta property=\"article:publisher\" content=\"https:\/\/www.facebook.com\/NotarKlagenfurt\" \/>\n<meta property=\"article:modified_time\" content=\"2025-04-28T13:12:56+00:00\" \/>\n<meta property=\"og:image\" content=\"https:\/\/www.notariat-schoeffmann.at\/wp-content\/uploads\/2021\/11\/Juristen-1.jpg\" \/>\n\t<meta property=\"og:image:width\" content=\"1600\" \/>\n\t<meta property=\"og:image:height\" content=\"1067\" \/>\n\t<meta property=\"og:image:type\" content=\"image\/jpeg\" \/>\n<meta name=\"twitter:card\" content=\"summary_large_image\" \/>\n<script type=\"application\/ld+json\" class=\"yoast-schema-graph\">{\"@context\":\"https:\\\/\\\/schema.org\",\"@graph\":[{\"@type\":\"WebPage\",\"@id\":\"https:\\\/\\\/www.notariat-schoeffmann.at\\\/de\\\/team\\\/mag-klaus-schoeffmann-mbl\\\/\",\"url\":\"https:\\\/\\\/www.notariat-schoeffmann.at\\\/de\\\/team\\\/mag-klaus-schoeffmann-mbl\\\/\",\"name\":\"Notar Mag. Klaus Sch\u00f6ffmann &#8211; Team &#8211; Notariat Sch\u00f6ffmann\",\"isPartOf\":{\"@id\":\"https:\\\/\\\/www.notariat-schoeffmann.at\\\/de\\\/#website\"},\"datePublished\":\"2021-11-07T15:57:29+00:00\",\"dateModified\":\"2025-04-28T13:12:56+00:00\",\"description\":\"Mag. Klaus Sch\u00f6ffmann ist seit April 2010 \u00f6ffentlicher Notar in Klagenfurt am W\u00f6rthersee.\",\"breadcrumb\":{\"@id\":\"https:\\\/\\\/www.notariat-schoeffmann.at\\\/de\\\/team\\\/mag-klaus-schoeffmann-mbl\\\/#breadcrumb\"},\"inLanguage\":\"de\",\"potentialAction\":[{\"@type\":\"ReadAction\",\"target\":[\"https:\\\/\\\/www.notariat-schoeffmann.at\\\/de\\\/team\\\/mag-klaus-schoeffmann-mbl\\\/\"]}]},{\"@type\":\"BreadcrumbList\",\"@id\":\"https:\\\/\\\/www.notariat-schoeffmann.at\\\/de\\\/team\\\/mag-klaus-schoeffmann-mbl\\\/#breadcrumb\",\"itemListElement\":[{\"@type\":\"ListItem\",\"position\":1,\"name\":\"Startseite\",\"item\":\"https:\\\/\\\/www.notariat-schoeffmann.at\\\/de\\\/\"},{\"@type\":\"ListItem\",\"position\":2,\"name\":\"Team\",\"item\":\"https:\\\/\\\/www.notariat-schoeffmann.at\\\/de\\\/team\\\/\"},{\"@type\":\"ListItem\",\"position\":3,\"name\":\"Mag. Klaus Sch\u00f6ffmann MBL LL.M.\"}]},{\"@type\":\"WebSite\",\"@id\":\"https:\\\/\\\/www.notariat-schoeffmann.at\\\/de\\\/#website\",\"url\":\"https:\\\/\\\/www.notariat-schoeffmann.at\\\/de\\\/\",\"name\":\"Notariat Sch\u00f6ffmann\",\"description\":\"Mag. Klaus Sch\u00f6ffmann - Ihr Notar in Klagenfurt\",\"publisher\":{\"@id\":\"https:\\\/\\\/www.notariat-schoeffmann.at\\\/de\\\/#organization\"},\"potentialAction\":[{\"@type\":\"SearchAction\",\"target\":{\"@type\":\"EntryPoint\",\"urlTemplate\":\"https:\\\/\\\/www.notariat-schoeffmann.at\\\/de\\\/?s={search_term_string}\"},\"query-input\":{\"@type\":\"PropertyValueSpecification\",\"valueRequired\":true,\"valueName\":\"search_term_string\"}}],\"inLanguage\":\"de\"},{\"@type\":\"Organization\",\"@id\":\"https:\\\/\\\/www.notariat-schoeffmann.at\\\/de\\\/#organization\",\"name\":\"Notariat Mag. Klaus Sch\u00f6ffmann Klagenfurt\",\"url\":\"https:\\\/\\\/www.notariat-schoeffmann.at\\\/de\\\/\",\"logo\":{\"@type\":\"ImageObject\",\"inLanguage\":\"de\",\"@id\":\"https:\\\/\\\/www.notariat-schoeffmann.at\\\/de\\\/#\\\/schema\\\/logo\\\/image\\\/\",\"url\":\"https:\\\/\\\/www.notariat-schoeffmann.at\\\/wp-content\\\/uploads\\\/2022\\\/02\\\/logo-notariat-schoeffmann.jpg\",\"contentUrl\":\"https:\\\/\\\/www.notariat-schoeffmann.at\\\/wp-content\\\/uploads\\\/2022\\\/02\\\/logo-notariat-schoeffmann.jpg\",\"width\":600,\"height\":600,\"caption\":\"Notariat Mag. Klaus Sch\u00f6ffmann Klagenfurt\"},\"image\":{\"@id\":\"https:\\\/\\\/www.notariat-schoeffmann.at\\\/de\\\/#\\\/schema\\\/logo\\\/image\\\/\"},\"sameAs\":[\"https:\\\/\\\/www.facebook.com\\\/NotarKlagenfurt\",\"https:\\\/\\\/www.youtube.com\\\/channel\\\/UCaITfbIQh6VIpzEonUsIhcg\"]}]}<\/script>\n<!-- \/ Yoast SEO Premium plugin. -->","yoast_head_json":{"title":"Notar Mag. Klaus Sch\u00f6ffmann &#8211; Team &#8211; Notariat Sch\u00f6ffmann","description":"Mag. Klaus Sch\u00f6ffmann ist seit April 2010 \u00f6ffentlicher Notar in Klagenfurt am W\u00f6rthersee.","robots":{"index":"index","follow":"follow","max-snippet":"max-snippet:-1","max-image-preview":"max-image-preview:large","max-video-preview":"max-video-preview:-1"},"canonical":"https:\/\/www.notariat-schoeffmann.at\/de\/team\/mag-klaus-schoeffmann-mbl\/","og_locale":"de_DE","og_type":"article","og_title":"Mag. Klaus Sch\u00f6ffmann MBL LL.M.","og_description":"Mag. Klaus Sch\u00f6ffmann ist seit April 2010 \u00f6ffentlicher Notar in Klagenfurt am W\u00f6rthersee.","og_url":"https:\/\/www.notariat-schoeffmann.at\/de\/team\/mag-klaus-schoeffmann-mbl\/","og_site_name":"Notariat Sch\u00f6ffmann","article_publisher":"https:\/\/www.facebook.com\/NotarKlagenfurt","article_modified_time":"2025-04-28T13:12:56+00:00","og_image":[{"width":1600,"height":1067,"url":"https:\/\/www.notariat-schoeffmann.at\/wp-content\/uploads\/2021\/11\/Juristen-1.jpg","type":"image\/jpeg"}],"twitter_card":"summary_large_image","schema":{"@context":"https:\/\/schema.org","@graph":[{"@type":"WebPage","@id":"https:\/\/www.notariat-schoeffmann.at\/de\/team\/mag-klaus-schoeffmann-mbl\/","url":"https:\/\/www.notariat-schoeffmann.at\/de\/team\/mag-klaus-schoeffmann-mbl\/","name":"Notar Mag. Klaus Sch\u00f6ffmann &#8211; Team &#8211; Notariat Sch\u00f6ffmann","isPartOf":{"@id":"https:\/\/www.notariat-schoeffmann.at\/de\/#website"},"datePublished":"2021-11-07T15:57:29+00:00","dateModified":"2025-04-28T13:12:56+00:00","description":"Mag. Klaus Sch\u00f6ffmann ist seit April 2010 \u00f6ffentlicher Notar in Klagenfurt am W\u00f6rthersee.","breadcrumb":{"@id":"https:\/\/www.notariat-schoeffmann.at\/de\/team\/mag-klaus-schoeffmann-mbl\/#breadcrumb"},"inLanguage":"de","potentialAction":[{"@type":"ReadAction","target":["https:\/\/www.notariat-schoeffmann.at\/de\/team\/mag-klaus-schoeffmann-mbl\/"]}]},{"@type":"BreadcrumbList","@id":"https:\/\/www.notariat-schoeffmann.at\/de\/team\/mag-klaus-schoeffmann-mbl\/#breadcrumb","itemListElement":[{"@type":"ListItem","position":1,"name":"Startseite","item":"https:\/\/www.notariat-schoeffmann.at\/de\/"},{"@type":"ListItem","position":2,"name":"Team","item":"https:\/\/www.notariat-schoeffmann.at\/de\/team\/"},{"@type":"ListItem","position":3,"name":"Mag. Klaus Sch\u00f6ffmann MBL LL.M."}]},{"@type":"WebSite","@id":"https:\/\/www.notariat-schoeffmann.at\/de\/#website","url":"https:\/\/www.notariat-schoeffmann.at\/de\/","name":"Notariat Sch\u00f6ffmann","description":"Mag. Klaus Sch\u00f6ffmann - Ihr Notar in Klagenfurt","publisher":{"@id":"https:\/\/www.notariat-schoeffmann.at\/de\/#organization"},"potentialAction":[{"@type":"SearchAction","target":{"@type":"EntryPoint","urlTemplate":"https:\/\/www.notariat-schoeffmann.at\/de\/?s={search_term_string}"},"query-input":{"@type":"PropertyValueSpecification","valueRequired":true,"valueName":"search_term_string"}}],"inLanguage":"de"},{"@type":"Organization","@id":"https:\/\/www.notariat-schoeffmann.at\/de\/#organization","name":"Notariat Mag. Klaus Sch\u00f6ffmann Klagenfurt","url":"https:\/\/www.notariat-schoeffmann.at\/de\/","logo":{"@type":"ImageObject","inLanguage":"de","@id":"https:\/\/www.notariat-schoeffmann.at\/de\/#\/schema\/logo\/image\/","url":"https:\/\/www.notariat-schoeffmann.at\/wp-content\/uploads\/2022\/02\/logo-notariat-schoeffmann.jpg","contentUrl":"https:\/\/www.notariat-schoeffmann.at\/wp-content\/uploads\/2022\/02\/logo-notariat-schoeffmann.jpg","width":600,"height":600,"caption":"Notariat Mag. Klaus Sch\u00f6ffmann Klagenfurt"},"image":{"@id":"https:\/\/www.notariat-schoeffmann.at\/de\/#\/schema\/logo\/image\/"},"sameAs":["https:\/\/www.facebook.com\/NotarKlagenfurt","https:\/\/www.youtube.com\/channel\/UCaITfbIQh6VIpzEonUsIhcg"]}]}},"_links":{"self":[{"href":"https:\/\/www.notariat-schoeffmann.at\/de\/wp-json\/wp\/v2\/team\/999","targetHints":{"allow":["GET"]}}],"collection":[{"href":"https:\/\/www.notariat-schoeffmann.at\/de\/wp-json\/wp\/v2\/team"}],"about":[{"href":"https:\/\/www.notariat-schoeffmann.at\/de\/wp-json\/wp\/v2\/types\/team"}],"version-history":[{"count":10,"href":"https:\/\/www.notariat-schoeffmann.at\/de\/wp-json\/wp\/v2\/team\/999\/revisions"}],"predecessor-version":[{"id":3725,"href":"https:\/\/www.notariat-schoeffmann.at\/de\/wp-json\/wp\/v2\/team\/999\/revisions\/3725"}],"wp:attachment":[{"href":"https:\/\/www.notariat-schoeffmann.at\/de\/wp-json\/wp\/v2\/media?parent=999"}],"wp:term":[{"taxonomy":"mitarbeiter","embeddable":true,"href":"https:\/\/www.notariat-schoeffmann.at\/de\/wp-json\/wp\/v2\/mitarbeiter?post=999"}],"curies":[{"name":"wp","href":"https:\/\/api.w.org\/{rel}","templated":true}]}}